{"id":29871,"date":"2020-08-31T16:46:00","date_gmt":"2020-08-31T14:46:00","guid":{"rendered":"https:\/\/www.digitalissimo.it\/venditaonline\/?post_type=product&#038;p=29871"},"modified":"2021-08-16T17:49:44","modified_gmt":"2021-08-16T15:49:44","slug":"zaino-padded-tripledenin","status":"publish","type":"product","link":"https:\/\/www.digitalissimo.it\/venditaonline\/prodotto\/zaino-padded-tripledenin\/","title":{"rendered":"Eastpak  ZAINO PADDED  Zippl&#8217;r Triple Denim"},"content":{"rendered":"<p>Lo zaino iconico Padded pi\u00f9 iconico, con qualcosa in pi\u00f9: la tasca frontale con doppia zip impreziosisce lo stile classico di questo zaino dalla tonalit\u00e0 Triple Denim<\/p>\n<div class=\"product-info-description\" style=\"font-weight:700;padding:0px0px30px;font-family:\">\n<div class=\"product attribute description\" style=\"font-size:13px;padding:0px\">\n<div class=\"value\"><\/div>\n<\/div>\n<\/div>\n<div class=\"product-type\" style=\"font-family:\">\n<div class=\"product attribute short_description\">\n<div class=\"value\">\n<ul style=\"margin:0px0px10px;padding:0px0px0px15px\">\n<li style=\"margin:0px0px10px;padding:0px\">Lo Zippl\u2019r vanta un grande scomparto principale dotato di iconica tasca frontale con doppia zip<\/li>\n<li style=\"margin:0px0px10px;padding:0px\">Altezza: 40 cm, Larghezza: 30 cm, Profondit\u00e0: 18 cm<\/li>\n<li style=\"margin:0px0px10px;padding:0px\">Realizzato in poliestere (100%)<\/li>\n<li style=\"margin:0px0px10px;padding:0px\">Scomparto per laptop da 13 pollici per quando devi portare con te il pc<\/li>\n<li style=\"margin:0px0px10px;padding:0px\">Dotato di schienale e spallacci imbottiti che offrono il massimo comfort durante il trasporto<\/li>\n<\/ul>\n<\/div>\n<\/div>\n<\/div>\n","protected":false},"excerpt":{"rendered":"<p>Dimensione: 40 * 30 * 18 cm<\/p>\n<p>Capacit\u00e0: 24 LT<\/p>\n<p>Dimensione PC: 1<span style=\"font-family:\">3.3\u2033<\/span><\/p>\n<p>Dimensioni Mac: 13 \u201d<\/p>\n","protected":false},"featured_media":32843,"template":"","meta":[],"product_brand":[],"product_cat":[1099],"product_tag":[],"class_list":["post-29871","product","type-product","status-publish","has-post-thumbnail","product_cat-zaini-tempo-libero","yith_product_brand-eastpak","first","outofstock","shipping-taxable","purchasable","product-type-simple"],"yoast_head":"<!-- This site is optimized with the Yoast SEO plugin v28.4 - https:\/\/yoast.com\/product\/yoast-seo-wordpress\/ -->\n<title>Eastpak ZAINO PADDED Zippl&#039;r Triple Denim * Digitalissimo Cartoleria<\/title>\n<meta name=\"robots\" content=\"index, follow, max-snippet:-1, max-image-preview:large, max-video-preview:-1\" \/>\n<link rel=\"canonical\" href=\"https:\/\/www.digitalissimo.it\/venditaonline\/prodotto\/zaino-padded-tripledenin\/\" \/>\n<meta property=\"og:locale\" content=\"it_IT\" \/>\n<meta property=\"og:type\" content=\"article\" \/>\n<meta property=\"og:title\" content=\"Eastpak ZAINO PADDED Zippl&#039;r Triple Denim * Digitalissimo Cartoleria\" \/>\n<meta property=\"og:description\" content=\"Dimensione: 40 * 30 * 18 cm Capacit\u00e0: 24 LT Dimensione PC: 13.3\u2033 Dimensioni Mac: 13 \u201d\" \/>\n<meta property=\"og:url\" content=\"https:\/\/www.digitalissimo.it\/venditaonline\/prodotto\/zaino-padded-tripledenin\/\" \/>\n<meta property=\"og:site_name\" content=\"Digitalissimo Cartoleria\" \/>\n<meta property=\"article:publisher\" content=\"https:\/\/www.facebook.com\/digitalissimostore\/\" \/>\n<meta property=\"article:modified_time\" content=\"2021-08-16T15:49:44+00:00\" \/>\n<meta property=\"og:image\" content=\"https:\/\/i0.wp.com\/www.digitalissimo.it\/venditaonline\/wp-content\/uploads\/2021\/07\/446x669-zaino-unisex-padded-zipplr-eastpack-denim-ek69d-26w-1.jpeg?fit=446%2C446&ssl=1\" \/>\n\t<meta property=\"og:image:width\" content=\"446\" \/>\n\t<meta property=\"og:image:height\" content=\"446\" \/>\n\t<meta property=\"og:image:type\" content=\"image\/jpeg\" \/>\n<meta name=\"twitter:card\" content=\"summary_large_image\" \/>\n<meta name=\"twitter:site\" content=\"@digitalissimo\" \/>\n<script type=\"application\/ld+json\" class=\"yoast-schema-graph\">{\"@context\":\"https:\\\/\\\/schema.org\",\"@graph\":[{\"@type\":\"WebPage\",\"@id\":\"https:\\\/\\\/www.digitalissimo.it\\\/venditaonline\\\/prodotto\\\/zaino-padded-tripledenin\\\/\",\"url\":\"https:\\\/\\\/www.digitalissimo.it\\\/venditaonline\\\/prodotto\\\/zaino-padded-tripledenin\\\/\",\"name\":\"Eastpak ZAINO PADDED Zippl'r Triple Denim * Digitalissimo Cartoleria\",\"isPartOf\":{\"@id\":\"https:\\\/\\\/www.digitalissimo.it\\\/venditaonline\\\/#website\"},\"primaryImageOfPage\":{\"@id\":\"https:\\\/\\\/www.digitalissimo.it\\\/venditaonline\\\/prodotto\\\/zaino-padded-tripledenin\\\/#primaryimage\"},\"image\":{\"@id\":\"https:\\\/\\\/www.digitalissimo.it\\\/venditaonline\\\/prodotto\\\/zaino-padded-tripledenin\\\/#primaryimage\"},\"thumbnailUrl\":\"https:\\\/\\\/i0.wp.com\\\/www.digitalissimo.it\\\/venditaonline\\\/wp-content\\\/uploads\\\/2021\\\/07\\\/446x669-zaino-unisex-padded-zipplr-eastpack-denim-ek69d-26w-1.jpeg?fit=446%2C446&ssl=1\",\"datePublished\":\"2020-08-31T14:46:00+00:00\",\"dateModified\":\"2021-08-16T15:49:44+00:00\",\"breadcrumb\":{\"@id\":\"https:\\\/\\\/www.digitalissimo.it\\\/venditaonline\\\/prodotto\\\/zaino-padded-tripledenin\\\/#breadcrumb\"},\"inLanguage\":\"it-IT\",\"potentialAction\":[{\"@type\":\"ReadAction\",\"target\":[\"https:\\\/\\\/www.digitalissimo.it\\\/venditaonline\\\/prodotto\\\/zaino-padded-tripledenin\\\/\"]}]},{\"@type\":\"ImageObject\",\"inLanguage\":\"it-IT\",\"@id\":\"https:\\\/\\\/www.digitalissimo.it\\\/venditaonline\\\/prodotto\\\/zaino-padded-tripledenin\\\/#primaryimage\",\"url\":\"https:\\\/\\\/i0.wp.com\\\/www.digitalissimo.it\\\/venditaonline\\\/wp-content\\\/uploads\\\/2021\\\/07\\\/446x669-zaino-unisex-padded-zipplr-eastpack-denim-ek69d-26w-1.jpeg?fit=446%2C446&ssl=1\",\"contentUrl\":\"https:\\\/\\\/i0.wp.com\\\/www.digitalissimo.it\\\/venditaonline\\\/wp-content\\\/uploads\\\/2021\\\/07\\\/446x669-zaino-unisex-padded-zipplr-eastpack-denim-ek69d-26w-1.jpeg?fit=446%2C446&ssl=1\",\"width\":446,\"height\":446},{\"@type\":\"BreadcrumbList\",\"@id\":\"https:\\\/\\\/www.digitalissimo.it\\\/venditaonline\\\/prodotto\\\/zaino-padded-tripledenin\\\/#breadcrumb\",\"itemListElement\":[{\"@type\":\"ListItem\",\"position\":1,\"name\":\"Home\",\"item\":\"https:\\\/\\\/www.digitalissimo.it\\\/venditaonline\\\/\"},{\"@type\":\"ListItem\",\"position\":2,\"name\":\"Catalogo prodotti\",\"item\":\"https:\\\/\\\/www.digitalissimo.it\\\/venditaonline\\\/shop\\\/\"},{\"@type\":\"ListItem\",\"position\":3,\"name\":\"Eastpak ZAINO PADDED Zippl&#8217;r Triple Denim\"}]},{\"@type\":\"WebSite\",\"@id\":\"https:\\\/\\\/www.digitalissimo.it\\\/venditaonline\\\/#website\",\"url\":\"https:\\\/\\\/www.digitalissimo.it\\\/venditaonline\\\/\",\"name\":\"Digitalissimo Cartoleria\",\"description\":\"Vendita online articoli scuola, cancelleria, ufficio e giocattoli\",\"publisher\":{\"@id\":\"https:\\\/\\\/www.digitalissimo.it\\\/venditaonline\\\/#organization\"},\"potentialAction\":[{\"@type\":\"SearchAction\",\"target\":{\"@type\":\"EntryPoint\",\"urlTemplate\":\"https:\\\/\\\/www.digitalissimo.it\\\/venditaonline\\\/?s={search_term_string}\"},\"query-input\":{\"@type\":\"PropertyValueSpecification\",\"valueRequired\":true,\"valueName\":\"search_term_string\"}}],\"inLanguage\":\"it-IT\"},{\"@type\":\"Organization\",\"@id\":\"https:\\\/\\\/www.digitalissimo.it\\\/venditaonline\\\/#organization\",\"name\":\"Digitalissimo di Guala Simona\",\"url\":\"https:\\\/\\\/www.digitalissimo.it\\\/venditaonline\\\/\",\"logo\":{\"@type\":\"ImageObject\",\"inLanguage\":\"it-IT\",\"@id\":\"https:\\\/\\\/www.digitalissimo.it\\\/venditaonline\\\/#\\\/schema\\\/logo\\\/image\\\/\",\"url\":\"https:\\\/\\\/i0.wp.com\\\/www.digitalissimo.it\\\/venditaonline\\\/wp-content\\\/uploads\\\/2024\\\/05\\\/cropped-intestazione_venditaonline.png?fit=1000%2C250&ssl=1\",\"contentUrl\":\"https:\\\/\\\/i0.wp.com\\\/www.digitalissimo.it\\\/venditaonline\\\/wp-content\\\/uploads\\\/2024\\\/05\\\/cropped-intestazione_venditaonline.png?fit=1000%2C250&ssl=1\",\"width\":1000,\"height\":250,\"caption\":\"Digitalissimo di Guala Simona\"},\"image\":{\"@id\":\"https:\\\/\\\/www.digitalissimo.it\\\/venditaonline\\\/#\\\/schema\\\/logo\\\/image\\\/\"},\"sameAs\":[\"https:\\\/\\\/www.facebook.com\\\/digitalissimostore\\\/\",\"https:\\\/\\\/x.com\\\/digitalissimo\"]}]}<\/script>\n<!-- \/ Yoast SEO plugin. -->","yoast_head_json":{"title":"Eastpak ZAINO PADDED Zippl'r Triple Denim * Digitalissimo Cartoleria","robots":{"index":"index","follow":"follow","max-snippet":"max-snippet:-1","max-image-preview":"max-image-preview:large","max-video-preview":"max-video-preview:-1"},"canonical":"https:\/\/www.digitalissimo.it\/venditaonline\/prodotto\/zaino-padded-tripledenin\/","og_locale":"it_IT","og_type":"article","og_title":"Eastpak ZAINO PADDED Zippl'r Triple Denim * Digitalissimo Cartoleria","og_description":"Dimensione: 40 * 30 * 18 cm Capacit\u00e0: 24 LT Dimensione PC: 13.3\u2033 Dimensioni Mac: 13 \u201d","og_url":"https:\/\/www.digitalissimo.it\/venditaonline\/prodotto\/zaino-padded-tripledenin\/","og_site_name":"Digitalissimo Cartoleria","article_publisher":"https:\/\/www.facebook.com\/digitalissimostore\/","article_modified_time":"2021-08-16T15:49:44+00:00","og_image":[{"width":446,"height":446,"url":"https:\/\/i0.wp.com\/www.digitalissimo.it\/venditaonline\/wp-content\/uploads\/2021\/07\/446x669-zaino-unisex-padded-zipplr-eastpack-denim-ek69d-26w-1.jpeg?fit=446%2C446&ssl=1","type":"image\/jpeg"}],"twitter_card":"summary_large_image","twitter_site":"@digitalissimo","schema":{"@context":"https:\/\/schema.org","@graph":[{"@type":"WebPage","@id":"https:\/\/www.digitalissimo.it\/venditaonline\/prodotto\/zaino-padded-tripledenin\/","url":"https:\/\/www.digitalissimo.it\/venditaonline\/prodotto\/zaino-padded-tripledenin\/","name":"Eastpak ZAINO PADDED Zippl'r Triple Denim * Digitalissimo Cartoleria","isPartOf":{"@id":"https:\/\/www.digitalissimo.it\/venditaonline\/#website"},"primaryImageOfPage":{"@id":"https:\/\/www.digitalissimo.it\/venditaonline\/prodotto\/zaino-padded-tripledenin\/#primaryimage"},"image":{"@id":"https:\/\/www.digitalissimo.it\/venditaonline\/prodotto\/zaino-padded-tripledenin\/#primaryimage"},"thumbnailUrl":"https:\/\/i0.wp.com\/www.digitalissimo.it\/venditaonline\/wp-content\/uploads\/2021\/07\/446x669-zaino-unisex-padded-zipplr-eastpack-denim-ek69d-26w-1.jpeg?fit=446%2C446&ssl=1","datePublished":"2020-08-31T14:46:00+00:00","dateModified":"2021-08-16T15:49:44+00:00","breadcrumb":{"@id":"https:\/\/www.digitalissimo.it\/venditaonline\/prodotto\/zaino-padded-tripledenin\/#breadcrumb"},"inLanguage":"it-IT","potentialAction":[{"@type":"ReadAction","target":["https:\/\/www.digitalissimo.it\/venditaonline\/prodotto\/zaino-padded-tripledenin\/"]}]},{"@type":"ImageObject","inLanguage":"it-IT","@id":"https:\/\/www.digitalissimo.it\/venditaonline\/prodotto\/zaino-padded-tripledenin\/#primaryimage","url":"https:\/\/i0.wp.com\/www.digitalissimo.it\/venditaonline\/wp-content\/uploads\/2021\/07\/446x669-zaino-unisex-padded-zipplr-eastpack-denim-ek69d-26w-1.jpeg?fit=446%2C446&ssl=1","contentUrl":"https:\/\/i0.wp.com\/www.digitalissimo.it\/venditaonline\/wp-content\/uploads\/2021\/07\/446x669-zaino-unisex-padded-zipplr-eastpack-denim-ek69d-26w-1.jpeg?fit=446%2C446&ssl=1","width":446,"height":446},{"@type":"BreadcrumbList","@id":"https:\/\/www.digitalissimo.it\/venditaonline\/prodotto\/zaino-padded-tripledenin\/#breadcrumb","itemListElement":[{"@type":"ListItem","position":1,"name":"Home","item":"https:\/\/www.digitalissimo.it\/venditaonline\/"},{"@type":"ListItem","position":2,"name":"Catalogo prodotti","item":"https:\/\/www.digitalissimo.it\/venditaonline\/shop\/"},{"@type":"ListItem","position":3,"name":"Eastpak ZAINO PADDED Zippl&#8217;r Triple Denim"}]},{"@type":"WebSite","@id":"https:\/\/www.digitalissimo.it\/venditaonline\/#website","url":"https:\/\/www.digitalissimo.it\/venditaonline\/","name":"Digitalissimo Cartoleria","description":"Vendita online articoli scuola, cancelleria, ufficio e giocattoli","publisher":{"@id":"https:\/\/www.digitalissimo.it\/venditaonline\/#organization"},"potentialAction":[{"@type":"SearchAction","target":{"@type":"EntryPoint","urlTemplate":"https:\/\/www.digitalissimo.it\/venditaonline\/?s={search_term_string}"},"query-input":{"@type":"PropertyValueSpecification","valueRequired":true,"valueName":"search_term_string"}}],"inLanguage":"it-IT"},{"@type":"Organization","@id":"https:\/\/www.digitalissimo.it\/venditaonline\/#organization","name":"Digitalissimo di Guala Simona","url":"https:\/\/www.digitalissimo.it\/venditaonline\/","logo":{"@type":"ImageObject","inLanguage":"it-IT","@id":"https:\/\/www.digitalissimo.it\/venditaonline\/#\/schema\/logo\/image\/","url":"https:\/\/i0.wp.com\/www.digitalissimo.it\/venditaonline\/wp-content\/uploads\/2024\/05\/cropped-intestazione_venditaonline.png?fit=1000%2C250&ssl=1","contentUrl":"https:\/\/i0.wp.com\/www.digitalissimo.it\/venditaonline\/wp-content\/uploads\/2024\/05\/cropped-intestazione_venditaonline.png?fit=1000%2C250&ssl=1","width":1000,"height":250,"caption":"Digitalissimo di Guala Simona"},"image":{"@id":"https:\/\/www.digitalissimo.it\/venditaonline\/#\/schema\/logo\/image\/"},"sameAs":["https:\/\/www.facebook.com\/digitalissimostore\/","https:\/\/x.com\/digitalissimo"]}]}},"jetpack_sharing_enabled":true,"_links":{"self":[{"href":"https:\/\/www.digitalissimo.it\/venditaonline\/wp-json\/wp\/v2\/product\/29871","targetHints":{"allow":["GET"]}}],"collection":[{"href":"https:\/\/www.digitalissimo.it\/venditaonline\/wp-json\/wp\/v2\/product"}],"about":[{"href":"https:\/\/www.digitalissimo.it\/venditaonline\/wp-json\/wp\/v2\/types\/product"}],"version-history":[{"count":0,"href":"https:\/\/www.digitalissimo.it\/venditaonline\/wp-json\/wp\/v2\/product\/29871\/revisions"}],"wp:featuredmedia":[{"embeddable":true,"href":"https:\/\/www.digitalissimo.it\/venditaonline\/wp-json\/wp\/v2\/media\/32843"}],"wp:attachment":[{"href":"https:\/\/www.digitalissimo.it\/venditaonline\/wp-json\/wp\/v2\/media?parent=29871"}],"wp:term":[{"taxonomy":"product_brand","embeddable":true,"href":"https:\/\/www.digitalissimo.it\/venditaonline\/wp-json\/wp\/v2\/product_brand?post=29871"},{"taxonomy":"product_cat","embeddable":true,"href":"https:\/\/www.digitalissimo.it\/venditaonline\/wp-json\/wp\/v2\/product_cat?post=29871"},{"taxonomy":"product_tag","embeddable":true,"href":"https:\/\/www.digitalissimo.it\/venditaonline\/wp-json\/wp\/v2\/product_tag?post=29871"}],"curies":[{"name":"wp","href":"https:\/\/api.w.org\/{rel}","templated":true}]}}